{"id":13118,"date":"2024-09-16T12:20:01","date_gmt":"2024-09-16T12:20:01","guid":{"rendered":"https:\/\/rexlansl.com\/archivos\/portfolio_page\/restaurant-llenya"},"modified":"2024-12-23T11:49:58","modified_gmt":"2024-12-23T11:49:58","slug":"restaurant-llenya","status":"publish","type":"portfolio_page","link":"https:\/\/rexlansl.com\/ca\/archivos\/portfolio_page\/restaurant-llenya","title":{"rendered":"Restaurant Llenya"},"content":{"rendered":"\t\t<div data-elementor-type=\"wp-post\" data-elementor-id=\"13118\" class=\"elementor elementor-13118 elementor-11286\">\n\t\t\t\t<div class=\"elementor-element elementor-element-902f364 e-flex e-con-boxed parallax_section_no qode_elementor_container_no e-con e-parent\" data-id=\"902f364\" data-element_type=\"container\">\n\t\t\t\t\t<div class=\"e-con-inner\">\n\t\t\t\t<div class=\"elementor-element elementor-element-2c4cd06 elementor-widget elementor-widget-heading\" data-id=\"2c4cd06\" data-element_type=\"widget\" data-widget_type=\"heading.default\">\n\t\t\t\t<div class=\"elementor-widget-container\">\n\t\t\t<h6 class=\"elementor-heading-title elementor-size-default\">Marbella, 2020<\/h6>\t\t<\/div>\n\t\t\t\t<\/div>\n\t\t\t\t<div class=\"elementor-element elementor-element-1b11ef0 elementor-widget elementor-widget-heading\" data-id=\"1b11ef0\" data-element_type=\"widget\" data-widget_type=\"heading.default\">\n\t\t\t\t<div class=\"elementor-widget-container\">\n\t\t\t<h2 class=\"elementor-heading-title elementor-size-default\">Restaurant Llenya<\/h2>\t\t<\/div>\n\t\t\t\t<\/div>\n\t\t\t\t<div class=\"elementor-element elementor-element-1cd2f12 elementor-widget elementor-widget-text-editor\" data-id=\"1cd2f12\" data-element_type=\"widget\" data-widget_type=\"text-editor.default\">\n\t\t\t\t<div class=\"elementor-widget-container\">\n\t\t\t\t\t\t\t<p>Vam tenir el plaer de participar de l&#8217;interiorisme del restaurant Le\u00f1a Marbella, del xef Dani Garc\u00eda. aporten dimensi\u00f3 i lluminositat a un local de tons foscos, generant un contrast molt interessant.  <\/p>\n\t\t\t\t\t\t<\/div>\n\t\t\t\t<\/div>\n\t\t\t\t\t<\/div>\n\t\t\t\t<\/div>\n\t\t\t\t<\/div>\n\t\t","protected":false},"excerpt":{"rendered":"<p>Marbella, 2020 Restaurant Llenya Vam tenir el plaer de participar de l&#8217;interiorisme del restaurant Le\u00f1a Marbella, del xef Dani Garc\u00eda. aporten dimensi\u00f3 i lluminositat a un local de tons foscos, generant un contrast molt interessant.<\/p>\n","protected":false},"author":1,"featured_media":12875,"menu_order":0,"comment_status":"open","ping_status":"closed","template":"elementor_theme","portfolio_category":[87,84],"portfolio_tag":[],"class_list":["post-13118","portfolio_page","type-portfolio_page","status-publish","has-post-thumbnail","hentry","portfolio_category-panells-retroilluminats","portfolio_category-restauracio-i-hotels"],"_links":{"self":[{"href":"https:\/\/rexlansl.com\/ca\/wp-json\/wp\/v2\/portfolio_page\/13118","targetHints":{"allow":["GET"]}}],"collection":[{"href":"https:\/\/rexlansl.com\/ca\/wp-json\/wp\/v2\/portfolio_page"}],"about":[{"href":"https:\/\/rexlansl.com\/ca\/wp-json\/wp\/v2\/types\/portfolio_page"}],"author":[{"embeddable":true,"href":"https:\/\/rexlansl.com\/ca\/wp-json\/wp\/v2\/users\/1"}],"replies":[{"embeddable":true,"href":"https:\/\/rexlansl.com\/ca\/wp-json\/wp\/v2\/comments?post=13118"}],"version-history":[{"count":1,"href":"https:\/\/rexlansl.com\/ca\/wp-json\/wp\/v2\/portfolio_page\/13118\/revisions"}],"predecessor-version":[{"id":13120,"href":"https:\/\/rexlansl.com\/ca\/wp-json\/wp\/v2\/portfolio_page\/13118\/revisions\/13120"}],"wp:featuredmedia":[{"embeddable":true,"href":"https:\/\/rexlansl.com\/ca\/wp-json\/wp\/v2\/media\/12875"}],"wp:attachment":[{"href":"https:\/\/rexlansl.com\/ca\/wp-json\/wp\/v2\/media?parent=13118"}],"wp:term":[{"taxonomy":"portfolio_category","embeddable":true,"href":"https:\/\/rexlansl.com\/ca\/wp-json\/wp\/v2\/portfolio_category?post=13118"},{"taxonomy":"portfolio_tag","embeddable":true,"href":"https:\/\/rexlansl.com\/ca\/wp-json\/wp\/v2\/portfolio_tag?post=13118"}],"curies":[{"name":"wp","href":"https:\/\/api.w.org\/{rel}","templated":true}]}}