{"id":13098,"date":"2024-11-27T15:14:52","date_gmt":"2024-11-27T15:14:52","guid":{"rendered":"https:\/\/rexlansl.com\/archivos\/portfolio_page\/barcelona-turisme"},"modified":"2024-12-23T11:49:50","modified_gmt":"2024-12-23T11:49:50","slug":"barcelona-turisme","status":"publish","type":"portfolio_page","link":"https:\/\/rexlansl.com\/ca\/archivos\/portfolio_page\/barcelona-turisme","title":{"rendered":"Barcelona Turisme"},"content":{"rendered":"\t\t<div data-elementor-type=\"wp-post\" data-elementor-id=\"13098\" class=\"elementor elementor-13098 elementor-12271\">\n\t\t\t\t<div class=\"elementor-element elementor-element-902f364 e-flex e-con-boxed parallax_section_no qode_elementor_container_no e-con e-parent\" data-id=\"902f364\" data-element_type=\"container\">\n\t\t\t\t\t<div class=\"e-con-inner\">\n\t\t\t\t<div class=\"elementor-element elementor-element-2c4cd06 elementor-widget elementor-widget-heading\" data-id=\"2c4cd06\" data-element_type=\"widget\" data-widget_type=\"heading.default\">\n\t\t\t\t<div class=\"elementor-widget-container\">\n\t\t\t<h6 class=\"elementor-heading-title elementor-size-default\">Barcelona, \u200b\u200b2024<\/h6>\t\t<\/div>\n\t\t\t\t<\/div>\n\t\t\t\t<div class=\"elementor-element elementor-element-1b11ef0 elementor-widget elementor-widget-heading\" data-id=\"1b11ef0\" data-element_type=\"widget\" data-widget_type=\"heading.default\">\n\t\t\t\t<div class=\"elementor-widget-container\">\n\t\t\t<h2 class=\"elementor-heading-title elementor-size-default\">Barcelona Turisme (Race Village Copa Am\u00e8rica)<\/h2>\t\t<\/div>\n\t\t\t\t<\/div>\n\t\t\t\t<div class=\"elementor-element elementor-element-1cd2f12 elementor-widget elementor-widget-text-editor\" data-id=\"1cd2f12\" data-element_type=\"widget\" data-widget_type=\"text-editor.default\">\n\t\t\t\t<div class=\"elementor-widget-container\">\n\t\t\t\t\t\t\t<p>Amb motiu de la 37 edici\u00f3 de la Copa America, es va dur a terme el projecte The Race Village al Moll de la Fusta, que funcionava com a epicentre de la competici\u00f3. En aquest marc \u00fanic, Barcelona Turisme va comptar amb nosaltres per al muntatge de tot el seu estand: parets revestides amb impresos r\u00edgids, elements de sostre i mobiliari que creaven un espai tan vibrant i complet com la nostra ciutat. <\/p>\n\t\t\t\t\t\t<\/div>\n\t\t\t\t<\/div>\n\t\t\t\t\t<\/div>\n\t\t\t\t<\/div>\n\t\t\t\t<\/div>\n\t\t","protected":false},"excerpt":{"rendered":"<p>Barcelona, \u200b\u200b2024 Barcelona Turisme (Race Village Copa Am\u00e8rica) Amb motiu de la 37 edici\u00f3 de la Copa America, es va dur a terme el projecte The Race Village al Moll de la Fusta, que funcionava com a epicentre de la competici\u00f3. En aquest marc \u00fanic,&#8230;<\/p>\n","protected":false},"author":1,"featured_media":12980,"menu_order":0,"comment_status":"open","ping_status":"closed","template":"elementor_theme","portfolio_category":[79,80],"portfolio_tag":[],"class_list":["post-13098","portfolio_page","type-portfolio_page","status-publish","has-post-thumbnail","hentry","portfolio_category-esdeveniments-i-conferencies","portfolio_category-impressio-digital"],"_links":{"self":[{"href":"https:\/\/rexlansl.com\/ca\/wp-json\/wp\/v2\/portfolio_page\/13098","targetHints":{"allow":["GET"]}}],"collection":[{"href":"https:\/\/rexlansl.com\/ca\/wp-json\/wp\/v2\/portfolio_page"}],"about":[{"href":"https:\/\/rexlansl.com\/ca\/wp-json\/wp\/v2\/types\/portfolio_page"}],"author":[{"embeddable":true,"href":"https:\/\/rexlansl.com\/ca\/wp-json\/wp\/v2\/users\/1"}],"replies":[{"embeddable":true,"href":"https:\/\/rexlansl.com\/ca\/wp-json\/wp\/v2\/comments?post=13098"}],"version-history":[{"count":1,"href":"https:\/\/rexlansl.com\/ca\/wp-json\/wp\/v2\/portfolio_page\/13098\/revisions"}],"predecessor-version":[{"id":13100,"href":"https:\/\/rexlansl.com\/ca\/wp-json\/wp\/v2\/portfolio_page\/13098\/revisions\/13100"}],"wp:featuredmedia":[{"embeddable":true,"href":"https:\/\/rexlansl.com\/ca\/wp-json\/wp\/v2\/media\/12980"}],"wp:attachment":[{"href":"https:\/\/rexlansl.com\/ca\/wp-json\/wp\/v2\/media?parent=13098"}],"wp:term":[{"taxonomy":"portfolio_category","embeddable":true,"href":"https:\/\/rexlansl.com\/ca\/wp-json\/wp\/v2\/portfolio_category?post=13098"},{"taxonomy":"portfolio_tag","embeddable":true,"href":"https:\/\/rexlansl.com\/ca\/wp-json\/wp\/v2\/portfolio_tag?post=13098"}],"curies":[{"name":"wp","href":"https:\/\/api.w.org\/{rel}","templated":true}]}}